{"id":480,"date":"2026-02-03T10:43:16","date_gmt":"2026-02-03T09:43:16","guid":{"rendered":"https:\/\/romanvalo.sk\/roman-valo\/"},"modified":"2026-04-25T08:26:55","modified_gmt":"2026-04-25T06:26:55","slug":"roman-valo","status":"publish","type":"page","link":"https:\/\/romanvalo.sk\/hu\/","title":{"rendered":"Roman Valo"},"content":{"rendered":"<div class=\"hero-candidate-block relative overflow-hidden ps-gradient\">\n  <div\n    class=\"relative  lg:max-h-[850px] pt-14  lg:pt-36   container flex flex-col md:flex-row\">\n    <div class=\"flex flex-col justify-end  md:justify-center w-full md:w-1\/2 pb-8 lg:pb-0\">\n      <h1 class=\"flex flex-col items-start\">\n                  <span\n            class=\"title-1 leading-[1.1]  inline-block text-primary-dark  font-bold font-kapra text-5xl md:text-6xl lg:text-8xl\">\n              A polg\u00e1rmester minden szoboti lakos sz\u00e1m\u00e1ra\n            <\/span>\n        \n      <\/h1>\n\n              <p class=\"font-bold text-white text-2xl lg:text-4xl mt-8 lg:mt-10 short-text\">\n          B\u00e9ke, egy\u00fcttm\u0171k\u00f6d\u00e9s, megold\u00e1sok.\n        <\/p>\n          <\/div>\n\n    <div class=\"w-1\/2 hidden md:flex justify-end\">\n              <div\n          class=\"\">\n          <img decoding=\"async\" src=\"https:\/\/romanvalo.sk\/wp-content\/uploads\/sites\/2\/2026\/02\/bez-pozadia-V3resize4-e1770839499596.png\" alt=\"\"\n               class=\"h-full object-contain object-bottom\">\n        <\/div>\n          <\/div>\n\n  <\/div>\n      <div\n      class=\"candidate md:hidden\">\n      <img decoding=\"async\" src=\"https:\/\/romanvalo.sk\/wp-content\/uploads\/sites\/2\/2026\/02\/bez-pozadia-V3resize4-e1770839499596.png\" alt=\"\"\n           class=\"h-full object-contain object-bottom\">\n    <\/div>\n  <\/div>\n<script>\n  document.addEventListener('DOMContentLoaded', () => {\n    document.body.classList.add('page-loaded');\n  });\n<\/script>\n<div class=\"image-text-block\"  id=\"ki vagyok\" >\n  <div class=\"md:container md:mx-auto grid grid-cols-1 md:grid-cols-2\">\n    <div\n      class=\"py-16 order-1 flex items-center   md:ps-10 xl:ps-20 md:order-2 \">\n      <div class=\"px-4\">\n                  <h2 class=\"headline-bg\">\n            A nevem Roman Va\u013eo\n          <\/h2>\n        \n                  <div class=\"prose  mt-6\">\n            <p>Rimavsk\u00e1 Sobota-i vagyok, f\u00e9rj \u00e9s h\u00e1rom gyermek \u00e9desapja, egy k\u00f6z\u00fcletek. Rimavsk\u00e1 Sobota eg\u00e9sz \u00e9letem otthona, ez\u00e9rt \u0151szint\u00e9n fontos sz\u00e1momra, hogy a jelenlegi \u00e9s a j\u00f6v\u0151beli gener\u00e1ci\u00f3k is m\u00e9lt\u00f3s\u00e1gteljesen \u00e9lhessenek \u00e9s dolgozhassanak itt. <\/p>\n<p>Megalap\u00edtottam \u00e9s vezetem azt a c\u00e9get, amelyben a csapatommal \u00e9p\u00edt\u00e9si \u00e9s m\u00e9rn\u00f6ki projekteket k\u00e9sz\u00edt\u00fcnk el\u0151 \u00e9s ir\u00e1ny\u00edtunk. Tervezt\u00fck p\u00e9ld\u00e1ul az egykori laktany\u00e1k hely\u00e9n kialak\u00edtott ipari parkot, a P. K. Hostinsk\u00fd \u00c1ltal\u00e1nos Iskol\u00e1t, a Bottova utcai speci\u00e1lis \u00e1ltal\u00e1nos iskol\u00e1t, valamint sz\u00e1mos m\u00e1s \u00e9p\u00fcletet v\u00e1rosunkban, a megy\u00e9ben \u00e9s eg\u00e9sz Szlov\u00e1ki\u00e1ban. <\/p>\n\n          <\/div>\n        \n              <\/div>\n    <\/div>\n    <div class=\"order-2  md:order-1 \">\n              <img decoding=\"async\" src=\"https:\/\/romanvalo.sk\/wp-content\/uploads\/sites\/2\/2026\/02\/Roman-na-proteste-1024x768.jpg\" alt=\"\"\n             class=\"w-full h-auto md:h-full md:object-cover\">\n          <\/div>\n  <\/div>\n<\/div>\n\n<div class=\"wp-block-columns is-layout-flex wp-container-core-columns-is-layout-62db62f3 wp-block-columns-is-layout-flex\" style=\"padding-top:0;padding-bottom:0\">\n<div class=\"wp-block-column is-vertically-aligned-center is-layout-flow wp-block-column-is-layout-flow\"><div class=\"content-grid-block overflow-hidden py-24\" >\n  <div class=\"container\">\n    <div class=\"max-w-xl mx-auto text-center flex flex-col items-center gap-6\">\n      \n              <div class=\"prose\">\n          <p>Ez a munka megtan\u00edtott a hat\u00e9kony tervez\u00e9sre, az uni\u00f3s forr\u00e1sok kezel\u00e9s\u00e9re, a p\u00e9nz\u00fcgyek ellen\u0151rz\u00e9s\u00e9re, valamint a nagy l\u00e9tsz\u00e1m\u00fa csapatokkal \u2013 k\u00f6zt\u00fck \u00f6nkorm\u00e1nyzatokkal \u00e9s multinacion\u00e1lis v\u00e1llalatokkal \u2013 val\u00f3 egy\u00fcttm\u0171k\u00f6d\u00e9sre. Megtan\u00edtott arra is, hogyan lehet munkahelyeket teremteni az emberek sz\u00e1m\u00e1ra, \u00e9s hogyan lehet megtakar\u00edt\u00e1sokat el\u00e9rni a v\u00e1ros sz\u00e1m\u00e1ra. Mindezre ma a mi v\u00e1rosunknak is sz\u00fcks\u00e9ge van.  <\/p>\n<p>A munk\u00e1m mellett m\u00e1r k\u00f6zel nyolc \u00e9ve \u00f6nkorm\u00e1nyzati k\u00e9pvisel\u0151 is vagyok. K\u00f6z\u00e9tek j\u00e1rok, meghallgatom, mivel vagytok el\u00e9gedetlenek, mit szeretn\u00e9tek megv\u00e1ltoztatni. Ennek k\u00f6sz\u00f6nhet\u0151en konkr\u00e9t megold\u00e1sokat k\u00edn\u00e1lok azokra a probl\u00e9m\u00e1kra, amelyek benneteket foglalkoztatnak, \u00e9s egy olyan j\u00f6v\u0151k\u00e9p\u00e9t Sobot\u00e1nak, mint egy mindenki sz\u00e1m\u00e1ra nyitott, modern v\u00e1rosnak.  <\/p>\n\n        <\/div>\n          <\/div>\n\n      <\/div>\n<\/div>\n<\/div>\n\n\n\n<div class=\"wp-block-column is-layout-flow wp-block-column-is-layout-flow\"><div class=\"content-grid-block overflow-hidden py-24\" >\n  <div class=\"container\">\n    <div class=\"max-w-xl mx-auto text-center flex flex-col items-center gap-6\">\n      \n              <div class=\"prose\">\n          <p><strong>Minden szombati lakos polg\u00e1rmestere szeretn\u00e9k lenni<\/strong><\/p>\n<p>Ez azt jelenti, hogy ugyanolyan figyelmet kell ford\u00edtani minden v\u00e1rosr\u00e9sz \u00e9s minden szoboti lakos probl\u00e9m\u00e1ira \u2013 a Bakt\u00e1ban hi\u00e1nyz\u00f3 j\u00e1rd\u00e1kt\u00f3l \u00e9s a D\u00fa\u017eav\u00e1ban hi\u00e1nyz\u00f3 csatornah\u00e1l\u00f3zatt\u00f3l kezdve a k\u00f6zter\u00fcletek elhanyagolts\u00e1g\u00e1n \u00e9s a belv\u00e1rosi v\u00e1rosi \u00e9p\u00fcletek romos \u00e1llapot\u00e1n \u00e1t eg\u00e9szen a v\u00e1ros eg\u00e9sz ter\u00fclet\u00e9n hi\u00e1nyz\u00f3 kont\u00e9ner\u00e1llom\u00e1sokig.<\/p>\n<p>V\u00e1rosunk minden lak\u00f3j\u00e1nak \u00e9reznie kell, hogy a polg\u00e1rmester \u00e9s a v\u00e1rosvezet\u00e9s foglalkozik azzal, ami val\u00f3ban foglalkoztatja \u0151ket. Sz\u00e1momra nincs olyan probl\u00e9ma, amely t\u00fal kicsi vagy jelent\u00e9ktelen lenne. Rimavsk\u00e1 Sobot\u00e1nak \u00e1tfog\u00f3 fejleszt\u00e9sre van sz\u00fcks\u00e9ge a jelenlegi kedvezm\u00e9nyez\u00e9s \u00e9s szelekt\u00edv megk\u00f6zel\u00edt\u00e9s helyett. Val\u00f3di \u00e9s gener\u00e1ci\u00f3s v\u00e1ltoz\u00e1sra van sz\u00fcks\u00e9g\u00fcnk. Ez az \u00e9n elk\u00e9pzel\u00e9sem arr\u00f3l, hogyan \u00e9rhetj\u00fck el ezt.    <\/p>\n\n        <\/div>\n          <\/div>\n\n      <\/div>\n<\/div>\n<\/div>\n<\/div>\n<div class=\"content-grid-block overflow-hidden py-24\"  id=\"v\u00edzi\u00f3\" >\n  <div class=\"container\">\n    <div class=\"max-w-xl mx-auto text-center flex flex-col items-center gap-6\">\n              <h2 class=\"headline-bg\">\n          Rimavsk\u00e1 Sobota j\u00f6v\u0151k\u00e9pe\n        <\/h2>\n      \n          <\/div>\n\n      <\/div>\n<\/div>\n\n<div class=\"wp-block-group is-layout-constrained wp-block-group-is-layout-constrained\"><div class=\"image-text-block\" >\n  <div class=\"md:container md:mx-auto grid grid-cols-1 md:grid-cols-2\">\n    <div\n      class=\"py-16 order-1 flex items-center   md:ps-10 xl:ps-20 md:order-2 \">\n      <div class=\"px-4\">\n                  <h2 class=\"headline-bg\">\n            Egy\u00fcttm\u0171k\u00f6d\u00e9s \u00e9s b\u00e9ke\n          <\/h2>\n        \n                  <div class=\"prose  mt-6\">\n            <p>Vissza akarom \u00e1ll\u00edtani a nyugalmat, a tisztess\u00e9get \u00e9s a megegyez\u00e9sre val\u00f3 k\u00e9pess\u00e9get a v\u00e1rosh\u00e1z\u00e1n. Saj\u00e1t szememmel l\u00e1tom, hogy a v\u00e1rost nem lehet konfliktusok, szem\u00e9lyes t\u00e1mad\u00e1sok \u00e9s \u00e1lland\u00f3 vit\u00e1k k\u00f6zepette ir\u00e1ny\u00edtani. Hogyan seg\u00edtene a szobotiaknak a romos v\u00e1rosi \u00e9p\u00fcletek vagy a sz\u00e9tes\u0151 egykori koll\u00e9gium fel\u00faj\u00edt\u00e1s\u00e1nak megold\u00e1s\u00e1ban, ha a polg\u00e1rmester pszichopat\u00e1knak nevezi a k\u00e9pvisel\u0151ket? Semmilyen m\u00f3don \u2013 csup\u00e1n feleslegesen m\u00e9g jobban megoszt minket.   <\/p>\n<p>Polg\u00e1rmesterk\u00e9nt a v\u00e1ros, a k\u00e9pvisel\u0151k, a szak\u00e9rt\u0151k \u00e9s a polg\u00e1rok k\u00f6z\u00f6tti tisztess\u00e9ges \u00e9s szakszer\u0171 kommunik\u00e1ci\u00f3t fogom el\u0151mozd\u00edtani. V\u00e1rosunk lak\u00f3i nem fizethetnek meg a politikusok szem\u00e9lyes vit\u00e1inak \u00e1r\u00e1t \u2013 konfliktusok helyett konkr\u00e9t megold\u00e1sokra van sz\u00fcks\u00e9g\u00fck. <\/p>\n\n          <\/div>\n        \n              <\/div>\n    <\/div>\n    <div class=\"order-2  md:order-1 \">\n              <img decoding=\"async\" src=\"https:\/\/romanvalo.sk\/wp-content\/uploads\/sites\/2\/2026\/02\/Recepcia-spolupraca-02-e1770815848531-1024x991.jpg\" alt=\"\"\n             class=\"w-full h-auto md:h-full md:object-cover\">\n          <\/div>\n  <\/div>\n<\/div>\n\n\n<div class=\"image-text-block\" >\n  <div class=\"md:container md:mx-auto grid grid-cols-1 md:grid-cols-2\">\n    <div\n      class=\"py-16 order-1 flex items-center   md:pe-10 xl:pe-20 \">\n      <div class=\"px-4\">\n                  <h2 class=\"headline-bg\">\n            Sz\u00e9p munka\n          <\/h2>\n        \n                  <div class=\"prose  mt-6\">\n            <p>Azt szeretn\u00e9m, ha a szombatiaknak min\u0151s\u00e9gi munkalehet\u0151s\u00e9gek \u00e1lln\u00e1nak rendelkez\u00e9sre, \u00e9s hossz\u00fa t\u00e1von biztosak lehetn\u00e9nek abban, hogy \u00e9rdemes itt \u00e9lni \u00e9s a j\u00f6v\u0151j\u00fcket itt tervezni. K\u00e9pvisel\u0151k\u00e9nt seg\u00edtett\u00fcnk abban, hogy v\u00e1rosunkba ipari parkot \u00e9s \u00faj befektet\u0151t hozzunk. A munka azonban nem \u00e9r v\u00e9get ezzel, hanem csak most kezd\u0151dik.  <\/p>\n<p>Els\u0151dleges c\u00e9lom a helyi kis- \u00e9s k\u00f6z\u00e9pv\u00e1llalkoz\u00e1sok t\u00e1mogat\u00e1sa, hogy itt min\u0151s\u00e9gi munkahelyeket teremthessenek. Felaj\u00e1nljuk nekik p\u00e9ld\u00e1ul a v\u00e1ros tulajdon\u00e1ban l\u00e9v\u0151 \u00fcres helyis\u00e9geket, \u00e9s partners\u00e9gi p\u00e1rbesz\u00e9det fogunk folytatni vel\u00fck. Ugyanilyen fontos sz\u00e1momra, hogy tov\u00e1bbi felel\u0151ss\u00e9gteljes befektet\u0151ket vonzzunk ide, akik stabil \u00e9s hossz\u00fa t\u00e1v\u00fa munkahelyeket teremtenek. Ez\u00e9rt polg\u00e1rmesterk\u00e9nt az els\u0151 l\u00e9p\u00e9seim a megfelel\u0151 miniszt\u00e9riumokhoz \u00e9s a SARIO \u00fcgyn\u00f6ks\u00e9ghez vezetnek \u2013 pontosan \u00fagy, mint n\u00e9h\u00e1ny \u00e9vvel ezel\u0151tt, amikor siker\u00fclt a v\u00e1rosunkba cs\u00e1b\u00edtanunk az \u00c1llami Ipari Parkot \u00e9s az els\u0151 nagy befektet\u0151t.    <\/p>\n<p>Mindez t\u00f6bb lehet\u0151s\u00e9get biztos\u00edt az embereknek az otthoni munkav\u00e9gz\u00e9sre, kevesebb k\u00e9nyszer\u0171 elv\u00e1ndorl\u00e1st jelent, \u00e9s nagyobb biztons\u00e1got ny\u00fajt azoknak a csal\u00e1doknak, akik itt akarnak maradni. Hiszen a szobotiak meg\u00e9rdemlik a j\u00f3 munk\u00e1t \u00e9s a min\u0151s\u00e9gi \u00e9letet. <\/p>\n\n          <\/div>\n        \n              <\/div>\n    <\/div>\n    <div class=\"order-2 \">\n              <img decoding=\"async\" src=\"https:\/\/romanvalo.sk\/wp-content\/uploads\/sites\/2\/2026\/02\/Dobra-praca-1024x576.webp\" alt=\"\"\n             class=\"w-full h-auto md:h-full md:object-cover\">\n          <\/div>\n  <\/div>\n<\/div>\n\n\n<div class=\"image-text-block\" >\n  <div class=\"md:container md:mx-auto grid grid-cols-1 md:grid-cols-2\">\n    <div\n      class=\"py-16 order-1 flex items-center   md:ps-10 xl:ps-20 md:order-2 \">\n      <div class=\"px-4\">\n                  <h2 class=\"headline-bg\">\n            Min\u0151s\u00e9gi oktat\u00e1s\n          <\/h2>\n        \n                  <div class=\"prose  mt-6\">\n            <p>A sz\u00ednvonalas iskol\u00e1k a v\u00e1ros j\u00f6v\u0151j\u00e9be val\u00f3 befektet\u00e9st jelentik. Olyan \u00f3vod\u00e1k \u00e9s \u00e1ltal\u00e1nos iskol\u00e1k l\u00e9trehoz\u00e1s\u00e1t fogom t\u00e1mogatni, amelyek fejlesztik a tehets\u00e9geket, t\u00e1mogatj\u00e1k a speci\u00e1lis ig\u00e9ny\u0171 gyermekeket, \u00e9s felk\u00e9sz\u00edtik a fiatalokat a val\u00f3 \u00e9letre. A P. K. Hostinsk\u00fd \u00c1ltal\u00e1nos Iskola fel\u00faj\u00edt\u00e1sa, amelyet a csapatommal egy\u00fctt tervezt\u00fcnk, egy \u00e9sszer\u0171 befektet\u00e9s p\u00e9ld\u00e1ja, amelynek k\u00f6sz\u00f6nhet\u0151en az iskola modern m\u00f3don m\u0171k\u00f6dhet, \u00e9s kellemes k\u00f6rnyezetet biztos\u00edt a gyermekek \u00e9s a tan\u00e1rok sz\u00e1m\u00e1ra egyar\u00e1nt. Ugyanezt szeretn\u00e9nk a v\u00e1ros t\u00f6bbi iskol\u00e1j\u00e1nak is.   <\/p>\n<p>K\u00e9t v\u00e1laszt\u00e1si ciklus \u00f3ta tagja vagyok a Pavol Dob\u0161insk\u00fd Iskola tan\u00e1cs\u00e1nak \u2013 annak az iskol\u00e1nak, ahol fi\u00fak\u00e9nt \u00e9n is tanultam, \u00e9s ahol az akt\u00edv igazgat\u00f3n\u0151vel egy\u00fcttm\u0171k\u00f6dve siker\u00fclt kidolgoznunk \u00e9s beny\u00fajtanunk egy t\u00f6bb milli\u00f3 eur\u00f3s, az iskola \u00e1tfog\u00f3 fel\u00faj\u00edt\u00e1s\u00e1ra ir\u00e1nyul\u00f3 projektet.<\/p>\n<p>A v\u00e1rosban azonban l\u00e1tok olyan iskol\u00e1kat is, amelyek m\u00e1r r\u00e9g\u00f3ta rossz \u00e1llapotban vannak \u2013 ide\u00e9rtve a D\u00fa\u017eavsk\u00e1 \u00fat ment\u00e9n tal\u00e1lhat\u00f3 \u00e9p\u00fcleteket is. Sz\u00e1momra nem csup\u00e1n a helyis\u00e9gek fel\u00faj\u00edt\u00e1sa a priorit\u00e1s, hanem a tanul\u00f3k \u00e9s a pedag\u00f3gusok sz\u00e1m\u00e1ra egyar\u00e1nt modern, sz\u00e9p \u00e9s biztons\u00e1gos k\u00f6rnyezetben t\u00f6rt\u00e9n\u0151 oktat\u00e1s \u00e9s nevel\u00e9s is. <\/p>\n<p>A modern oktat\u00e1s ugyanis a sz\u00fcl\u0151k sz\u00e1m\u00e1ra azt jelenti, hogy gyermekeik biztons\u00e1gos \u00e9s sz\u00ednvonalas iskol\u00e1kba j\u00e1rnak. A gyermekek sz\u00e1m\u00e1ra pedig jobb kiindul\u00e1si pontot jelent az \u00e9letben, f\u00fcggetlen\u00fcl att\u00f3l, hogy milyen h\u00e1tt\u00e9rb\u0151l sz\u00e1rmaznak. <\/p>\n\n          <\/div>\n        \n              <\/div>\n    <\/div>\n    <div class=\"order-2  md:order-1 \">\n              <img decoding=\"async\" src=\"https:\/\/romanvalo.sk\/wp-content\/uploads\/sites\/2\/2026\/02\/ZS-Dobsinskeho-01-1024x576.jpeg\" alt=\"\"\n             class=\"w-full h-auto md:h-full md:object-cover\">\n          <\/div>\n  <\/div>\n<\/div>\n\n\n<div class=\"image-text-block\" >\n  <div class=\"md:container md:mx-auto grid grid-cols-1 md:grid-cols-2\">\n    <div\n      class=\"py-16 order-1 flex items-center   md:pe-10 xl:pe-20 \">\n      <div class=\"px-4\">\n                  <h2 class=\"headline-bg\">\n            Megfizethet\u0151 lakhat\u00e1s a fiatalok sz\u00e1m\u00e1ra, m\u00e9lt\u00f3 nyugd\u00edj az id\u0151sek sz\u00e1m\u00e1ra\n          <\/h2>\n        \n                  <div class=\"prose  mt-6\">\n            <p>A v\u00e1rosnak ma sz\u00e1mos lehet\u0151s\u00e9ge van arra, hogy modern b\u00e9rlak\u00e1sokat biztos\u00edtson a fiatalok sz\u00e1m\u00e1ra, \u00e9s m\u00e9lt\u00f3s\u00e1gteljes otthont teremtsen az id\u0151seknek \u2013 \u00e1llami programok, uni\u00f3s forr\u00e1sok \u00e9s a k\u00f6zint\u00e9zm\u00e9nyekkel val\u00f3 egy\u00fcttm\u0171k\u00f6d\u00e9s r\u00e9v\u00e9n. Mindezt el lehet \u00e9rni an\u00e9lk\u00fcl, hogy a v\u00e1rosi vagyont a jelenlegi v\u00e1rosvezet\u00e9s \u00e1ltal szorgalmazott m\u00f3don, az \u00e1r alatt eladn\u00e1k. <\/p>\n<p>A fiatalok sz\u00e1m\u00e1ra ez azt jelenti, hogy val\u00f3di es\u00e9ly\u00fck ny\u00edlik arra, hogy Rimavsk\u00e1 Sobot\u00e1ban maradjanak, csal\u00e1dot alap\u00edtsanak, \u00e9s ne kelljen elk\u00f6lt\u00f6zni\u00fck csak az\u00e9rt, mert nincs hol lakniuk. Az id\u0151sek sz\u00e1m\u00e1ra pedig azt jelenti, hogy biztos\u00edtva lesz sz\u00e1mukra a tisztess\u00e9ges, teljes \u00e9rt\u00e9k\u0171 \u00e9s m\u00e9lt\u00f3s\u00e1gteljes \u00e9let egy olyan int\u00e9zm\u00e9nyben, amely a v\u00e1ros \u00e9s lak\u00f3i tulajdon\u00e1ban lesz. <\/p>\n\n          <\/div>\n        \n              <\/div>\n    <\/div>\n    <div class=\"order-2 \">\n              <img decoding=\"async\" src=\"https:\/\/romanvalo.sk\/wp-content\/uploads\/sites\/2\/2026\/02\/orez-e1770814798587.png\" alt=\"\"\n             class=\"w-full h-auto md:h-full md:object-cover\">\n          <\/div>\n  <\/div>\n<\/div>\n\n\n<div class=\"image-text-block\" >\n  <div class=\"md:container md:mx-auto grid grid-cols-1 md:grid-cols-2\">\n    <div\n      class=\"py-16 order-1 flex items-center   md:ps-10 xl:ps-20 md:order-2 \">\n      <div class=\"px-4\">\n                  <h2 class=\"headline-bg\">\n            Az elhanyagolt jav\u00edt\u00e1sa\n          <\/h2>\n        \n                  <div class=\"prose  mt-6\">\n            <p>A v\u00e1rosunkban tal\u00e1lhat\u00f3 sz\u00e1mos romos \u00e9p\u00fclet szomor\u00fa val\u00f3s\u00e1g, amelyet a szombatiak nap mint nap l\u00e1tnak. A Relax szabadid\u0151k\u00f6zpont, ahol a vakolat k\u00f6zvetlen\u00fcl a j\u00e1rd\u00e1ra hullik \u00e9s vesz\u00e9lyezteti gyermekeinket, vagy a sz\u00e9tes\u0151 Megyei H\u00e1z csup\u00e1n k\u00e9t p\u00e9lda arra, hogy a jelenlegi vezet\u00e9s mennyire nem t\u00f6r\u0151dik a biztons\u00e1ggal \u00e9s a min\u0151s\u00e9gi k\u00f6zter\u00fcletek kialak\u00edt\u00e1s\u00e1val. \u00c9s ha m\u00e1r elhat\u00e1rozza mag\u00e1t, hogy valamit megjav\u00edt, akkor a hatalmas potenci\u00e1llal rendelkez\u0151, a v\u00e1ros k\u00f6zpontj\u00e1ban tal\u00e1lhat\u00f3 t\u00f6rt\u00e9nelmi \u00e9p\u00fcletben m\u0171k\u00f6d\u0151 egykori Sult\u00e1n \u00e9tteremb\u0151l nyilv\u00e1nos WC-ket csin\u00e1l.  <\/p>\n<p>Polg\u00e1rmesterk\u00e9nt a v\u00e1rosi \u00e9p\u00fcletek \u00e9s terek szisztematikus fel\u00faj\u00edt\u00e1s\u00e1ra fogok \u00f6sszpontos\u00edtani, hogy olyan modern k\u00f6zter\u00fcletek j\u00f6jjenek l\u00e9tre, ahol az emberek sz\u00edvesen \u00e9lnek, dolgoznak \u00e9s t\u00f6ltik szabadidej\u00fcket. Egyes probl\u00e9m\u00e1k azonnal megoldhat\u00f3k \u2013 mint p\u00e9ld\u00e1ul a Relax szabadid\u0151k\u00f6zpont homlokzat\u00e1nak v\u00e9szhelyzeti fel\u00faj\u00edt\u00e1sa \u2013, m\u00e1shol viszont hosszabb t\u00e1v\u00fa munk\u00e1ra lesz sz\u00fcks\u00e9g. Ezt a lemarad\u00e1st azonban fokozatosan be tudjuk hozni az eur\u00f3pai alapok, \u00e1llami programok, k\u00f6rnyezetv\u00e9delmi \u00e9s energetikai p\u00e1ly\u00e1zatok ig\u00e9nybev\u00e9tel\u00e9vel. A v\u00e1rosnak azonban el\u0151re \u00e9s szakszer\u0171en kell el\u0151k\u00e9sz\u00edtenie a projekteket \u2013 csak \u00edgy lehet p\u00e9nzt szerezni \u00e9s azt val\u00f3s eredm\u00e9nyekk\u00e9 alak\u00edtani.   <\/p>\n\n          <\/div>\n        \n              <\/div>\n    <\/div>\n    <div class=\"order-2  md:order-1 \">\n              <img decoding=\"async\" src=\"https:\/\/romanvalo.sk\/wp-content\/uploads\/sites\/2\/2026\/02\/Oprava-zanedbaneho.webp\" alt=\"\"\n             class=\"w-full h-auto md:h-full md:object-cover\">\n          <\/div>\n  <\/div>\n<\/div>\n\n\n<div class=\"image-text-block\" >\n  <div class=\"md:container md:mx-auto grid grid-cols-1 md:grid-cols-2\">\n    <div\n      class=\"py-16 order-1 flex items-center   md:pe-10 xl:pe-20 \">\n      <div class=\"px-4\">\n                  <h2 class=\"headline-bg\">\n            Turizmus, pihen\u00e9s \u00e9s sz\u00f3rakoz\u00e1s\n          <\/h2>\n        \n                  <div class=\"prose  mt-6\">\n            <p>Na\u0161e mesto m\u00e1 aj v\u010faka Kurincu obrovsk\u00fd turistick\u00fd potenci\u00e1l. Rozvoj rekrea\u010dn\u00fdch z\u00f3n v\u0161ak m\u00e1 <strong>dop\u013a\u0148a\u0165 zlep\u0161ovanie kvality \u017eivota a turizmu v celej v Rimavskej Sobote<\/strong>, nie ho ods\u00fava\u0165 na ved\u013eaj\u0161iu ko\u013eaj ako to vid\u00edme dnes. Na\u0161e mesto toti\u017e pon\u00faka omnoho viac &#8211; vr\u00e1tane kr\u00e1sneho centra, ktor\u00e9mu potrebujeme vd\u00fdchnu\u0165 \u017eivot.  <\/p>\n<p>Rimavsk\u00e1 Sobota nev\u00e9t a szombati piacokr\u00f3l kapta. Polg\u00e1rmesterk\u00e9nt ez\u00e9rt \u00fajra l\u00e9trehozom a teljes \u00e9rt\u00e9k\u0171 v\u00e1rosi piacot, ahol a szombatiaiak min\u0151s\u00e9gi hazai term\u00e9keket v\u00e1s\u00e1rolhatnak a helyi \u00e1rusokt\u00f3l. T\u00e9len pedig k\u00e9t h\u00e9tre vissza szeretn\u00e9m hozni a belv\u00e1rosba az igazi kar\u00e1csonyi piacot, ahol puncs mellett tal\u00e1lkozhatunk, vagy k\u00f6zvetlen\u00fcl a t\u00e9ren korcsoly\u00e1zhatunk.  <\/p>\n<p>Jobban ki tudjuk haszn\u00e1lni a v\u00e1rosi kertet is, amelyet minden szobotiai lakos sz\u00e1m\u00e1ra \u2013 fiatalok, id\u0151sek \u00e9s gyermekes csal\u00e1dok sz\u00e1m\u00e1ra egyar\u00e1nt \u2013 szeretn\u00e9k megnyitni. A fiatalok sz\u00e1m\u00e1ra \u00e9p\u00edtend\u0151 pumptrack-p\u00e1ly\u00e1t\u00f3l kezdve eg\u00e9szen a minden koroszt\u00e1ly sz\u00e1m\u00e1ra szervezett k\u00f6z\u00f6ss\u00e9gi \u00e9s t\u00e1rsas\u00e1gi rendezv\u00e9nyekig. <\/p>\n<p>T\u00e1mogatni fogom tov\u00e1bb\u00e1 a sz\u00e1ll\u00e1s- \u00e9s vend\u00e9gl\u00e1t\u00f3ipari szolg\u00e1ltat\u00e1sok fejleszt\u00e9s\u00e9t is, amelyeknek k\u00f6sz\u00f6nhet\u0151en a turist\u00e1knak t\u00f6bb okuk lesz arra, hogy Rimavsk\u00e1 Sobot\u00e1ban egy d\u00e9lut\u00e1nn\u00e1l tov\u00e1bb maradjanak, \u00e9s amelyek \u00fajra \u00e9letre kelthetik az utc\u00e1kat, a k\u00e1v\u00e9z\u00f3kat, az \u00e9ttermeket \u00e9s a kultur\u00e1lis rendezv\u00e9nyeket.<\/p>\n\n          <\/div>\n        \n              <\/div>\n    <\/div>\n    <div class=\"order-2 \">\n              <img decoding=\"async\" src=\"https:\/\/romanvalo.sk\/wp-content\/uploads\/sites\/2\/2026\/02\/Nabrezie-Rimavy-1024x683.jpeg\" alt=\"\"\n             class=\"w-full h-auto md:h-full md:object-cover\">\n          <\/div>\n  <\/div>\n<\/div>\n\n\n<div class=\"image-text-block\" >\n  <div class=\"md:container md:mx-auto grid grid-cols-1 md:grid-cols-2\">\n    <div\n      class=\"py-16 order-1 flex items-center   md:ps-10 xl:ps-20 md:order-2 \">\n      <div class=\"px-4\">\n                  <h2 class=\"headline-bg\">\n            Sport \u00e9s eg\u00e9szs\u00e9ges \u00e9letm\u00f3d\n          <\/h2>\n        \n                  <div class=\"prose  mt-6\">\n            <p>A sportot a fiatalok eg\u00e9szs\u00e9g\u00e9be \u00e9s j\u00f6v\u0151j\u00e9be t\u00f6rt\u00e9n\u0151 alapvet\u0151 befektet\u00e9sek egyik\u00e9nek tartom. A Kirejevska utcai multifunkcion\u00e1lis sportcsarnok sz\u00e1momra az els\u0151 sz\u00e1m\u00fa priorit\u00e1s \u2013 a v\u00e1rosnak sz\u00fcks\u00e9ge van r\u00e1 az iskolai sport, a klubok \u00e9s a lakoss\u00e1g sz\u00e1m\u00e1ra egyar\u00e1nt. A v\u00e1rosnak minden szinten meg kell teremtenie a sportol\u00e1s felt\u00e9teleit \u2013 az ifj\u00fas\u00e1gi \u00e9s amat\u0151r sportt\u00f3l kezdve a szabadid\u0151s tev\u00e9kenys\u00e9gekig minden szobotai lakos sz\u00e1m\u00e1ra.  <\/p>\n<p>Magam is akt\u00edvan sportolok, ez\u00e9rt tudom, hogy a min\u0151s\u00e9gi sportl\u00e9tes\u00edtm\u00e9nyek, a klubok t\u00e1mogat\u00e1sa \u00e9s a minden koroszt\u00e1ly sz\u00e1m\u00e1ra el\u00e9rhet\u0151 mozg\u00e1si lehet\u0151s\u00e9gek nem luxus, hanem elengedhetetlen sz\u00fcks\u00e9glet. A sport t\u00e1mogat\u00e1sa eg\u00e9szs\u00e9gesebb embereket, kevesebb probl\u00e9m\u00e1t \u00e9s er\u0151sebb k\u00f6z\u00f6ss\u00e9get jelent. <\/p>\n\n          <\/div>\n        \n              <\/div>\n    <\/div>\n    <div class=\"order-2  md:order-1 \">\n              <img decoding=\"async\" src=\"https:\/\/romanvalo.sk\/wp-content\/uploads\/sites\/2\/2026\/02\/Sportova-hala_Image-13.-2.-2026-12_08_00-1024x576.jpg\" alt=\"\"\n             class=\"w-full h-auto md:h-full md:object-cover\">\n          <\/div>\n  <\/div>\n<\/div>\n\n\n<div class=\"image-text-block\" >\n  <div class=\"md:container md:mx-auto grid grid-cols-1 md:grid-cols-2\">\n    <div\n      class=\"py-16 order-1 flex items-center   md:pe-10 xl:pe-20 \">\n      <div class=\"px-4\">\n                  <h2 class=\"headline-bg\">\n            Modern k\u00f6zleked\u00e9s\n          <\/h2>\n        \n                  <div class=\"prose  mt-6\">\n            <p>A v\u00e1rosban val\u00f3 mindennapi k\u00f6zleked\u00e9snek egyszer\u0171nek \u00e9s biztons\u00e1gosnak kell lennie. A parkol\u00e1snak, a j\u00e1rd\u00e1knak \u00e9s a ker\u00e9kp\u00e1ros k\u00f6zleked\u00e9snek egy m\u0171k\u00f6d\u0151k\u00e9pes rendszert kell alkotniuk, nem pedig egym\u00e1shoz nem ill\u0151 megold\u00e1sok halmaz\u00e1t, mint p\u00e9ld\u00e1ul a fizet\u0151s parkol\u00e1s bevezet\u00e9se eset\u00e9ben, amely t\u00f6bb probl\u00e9m\u00e1t okozott a belv\u00e1rosi lak\u00f3telepek lak\u00f3inak, mint amennyit a v\u00e1rosnak haszn\u00e1lt. A parkol\u00f3helyek hi\u00e1ny\u00e1t egy \u00e1tfog\u00f3 tervvel fogom megoldani, k\u00f6zleked\u00e9si szak\u00e9rt\u0151kkel \u00e9s az \u00e9rintett polg\u00e1rokkal egy\u00fcttm\u0171k\u00f6dve.  <\/p>\n<p>Els\u0151dleges c\u00e9lom a k\u00f6zleked\u00e9si infrastrukt\u00fara fejleszt\u00e9se, hogy a v\u00e1ros lak\u00f3i k\u00f6nnyebben, biztons\u00e1gosabban \u00e9s kevesebb stresszel k\u00f6zlekedhessenek.<\/p>\n\n          <\/div>\n        \n              <\/div>\n    <\/div>\n    <div class=\"order-2 \">\n              <img decoding=\"async\" src=\"https:\/\/romanvalo.sk\/wp-content\/uploads\/sites\/2\/2026\/02\/Moderna-doprava-1024x640.jpg\" alt=\"\"\n             class=\"w-full h-auto md:h-full md:object-cover\">\n          <\/div>\n  <\/div>\n<\/div>\n\n\n<div class=\"image-text-block\" >\n  <div class=\"md:container md:mx-auto grid grid-cols-1 md:grid-cols-2\">\n    <div\n      class=\"py-16 order-1 flex items-center   md:ps-10 xl:ps-20 md:order-2 \">\n      <div class=\"px-4\">\n                  <h2 class=\"headline-bg\">\n            Biztons\u00e1gos \u00e9s sz\u00e9p k\u00f6zter\u00fclet\n          <\/h2>\n        \n                  <div class=\"prose  mt-6\">\n            <p>A k\u00f6zter\u00fcletek sokat el\u00e1rulnak arr\u00f3l, hogy a v\u00e1ros mennyire \u00e9rt\u00e9keli lak\u00f3it. A tiszta, gondozott \u00e9s biztons\u00e1gos k\u00f6zter\u00fcletek alapvet\u0151 fontoss\u00e1g\u00faak ahhoz, hogy az emberek megb\u00edzzanak a v\u00e1rosban. El\u00e9rni fogom, hogy min\u0151s\u00e9gi vil\u00e1g\u00edt\u00e1s legyen, kisebb parkok \u00e9s s\u00e9t\u00e1nyok j\u00f6jjenek l\u00e9tre a Rimava partj\u00e1n, valamint a Ro\u017e\u0148avsk\u00e1, Rimava, Malohontsk\u00e1 utc\u00e1k \u00e9s a S\u00eddlisko Z\u00e1pad bels\u0151 udvarainak fel\u00faj\u00edt\u00e1s\u00e1t.  <\/p>\n<p>A szombatlak\u00f3k t\u00f6bb pihen\u0151helyet \u00e9s olyan nyilv\u00e1nos teret \u00e9rdemelnek, ahol term\u00e9szetesen, otthonosan \u00e9s biztons\u00e1gban \u00e9rezhetik magukat.<\/p>\n\n          <\/div>\n        \n              <\/div>\n    <\/div>\n    <div class=\"order-2  md:order-1 \">\n              <img decoding=\"async\" src=\"https:\/\/romanvalo.sk\/wp-content\/uploads\/sites\/2\/2026\/02\/Bezpecny-a-pekny-verejny-priestor-1024x577.jpg\" alt=\"\"\n             class=\"w-full h-auto md:h-full md:object-cover\">\n          <\/div>\n  <\/div>\n<\/div>\n\n\n<div class=\"image-text-block\" >\n  <div class=\"md:container md:mx-auto grid grid-cols-1 md:grid-cols-2\">\n    <div\n      class=\"py-16 order-1 flex items-center   md:pe-10 xl:pe-20 \">\n      <div class=\"px-4\">\n                  <h2 class=\"headline-bg\">\n            A v\u00e1ros val\u00f3ban mindenki sz\u00e1m\u00e1ra\n          <\/h2>\n        \n                  <div class=\"prose  mt-6\">\n            <p>Sz\u00e1momra az, hogy minden szoboti lakos polg\u00e1rmestere legyek, azt jelenti, hogy az eg\u00e9sz v\u00e1ros \u2013 az id\u0151sek, a gyermekes csal\u00e1dok, a dolgoz\u00f3k, de a fiatalok ig\u00e9nyeit is \u2013 figyelembe veszem \u00e9s megoldom, nem csup\u00e1n egyes ter\u00fcletek\u00e9t vagy a hangosabb csoportok\u00e9t.<\/p>\n<p>Rimavsk\u00e1 Sobota mindig is sokf\u00e9le nemzetis\u00e9g, vall\u00e1s \u00e9s politikai n\u00e9zet otthona volt. \u00c9s \u00e9ppen ebben rejlett mindig az er\u0151nk. Sz\u00fcntess\u00fck meg teh\u00e1t a v\u00e1rosh\u00e1z\u00e1r\u00f3l ma \u00e9rkez\u0151 felesleges usz\u00edt\u00e1st \u00e9s konfliktusokat.  <\/p>\n<p>Ako prim\u00e1tor budem \u013eud\u00ed sp\u00e1ja\u0165 a prin\u00e1\u0161a\u0165 rie\u0161enia pre v\u0161etk\u00fdch Sobo\u0165anov. A vytv\u00e1ra\u0165 podmienky na to, aby si tu \u013eudia vedeli zariadi\u0165 pokojn\u00fd, bezpe\u010dn\u00fd a d\u00f4stojn\u00fd \u017eivot. <\/p>\n\n          <\/div>\n        \n              <\/div>\n    <\/div>\n    <div class=\"order-2 \">\n              <img decoding=\"async\" src=\"https:\/\/romanvalo.sk\/wp-content\/uploads\/sites\/2\/2026\/02\/Mesto-naozaj-pre-vsetkych-1024x455.jpg\" alt=\"\"\n             class=\"w-full h-auto md:h-full md:object-cover\">\n          <\/div>\n  <\/div>\n<\/div>\n<\/div>\n<div class=\"content-grid-block overflow-hidden py-24\"  id=\"csapat\" >\n  <div class=\"container\">\n    <div class=\"max-w-xl mx-auto text-center flex flex-col items-center gap-6\">\n              <h2 class=\"headline-bg\">\n          A csapatom\n        <\/h2>\n      \n              <div class=\"prose\">\n          <p>M\u00f6g\u00f6ttem egy olyan csapat \u00e1ll, akiket szem\u00e9lyesen ismerek, akikkel m\u00e1r r\u00e9g\u00f3ta egy\u00fctt dolgozom, \u00e9s tudom, mire k\u00e9pesek a gyakorlatban. Nem csak nevek a lista kedv\u00e9\u00e9rt, hanem olyan emberek, akik val\u00f3di tapasztalatokkal rendelkeznek az informatika, a gazdas\u00e1g, a k\u00f6zigazgat\u00e1s, a k\u00f6rnyezetv\u00e9delem, a k\u00f6z\u00f6ss\u00e9gi munka, a mez\u0151gazdas\u00e1g \u00e9s a fiatalok vil\u00e1g\u00e1ban egyar\u00e1nt. Ennek a kombin\u00e1ci\u00f3nak k\u00f6sz\u00f6nhet\u0151en k\u00e9pesek vagyunk megoldani Rimavsk\u00e1 Sobota konkr\u00e9t probl\u00e9m\u00e1it \u2013 a v\u00e1rosi hivatal m\u0171k\u00f6d\u00e9s\u00e9t\u0151l \u00e9s a szolg\u00e1ltat\u00e1sok digitaliz\u00e1l\u00e1s\u00e1t\u00f3l kezdve a \u00e9sszer\u0171 gazd\u00e1lkod\u00e1son, az eur\u00f3alapok felhaszn\u00e1l\u00e1s\u00e1n \u00e9s a v\u00e1llalkoz\u00e1sok t\u00e1mogat\u00e1s\u00e1n \u00e1t eg\u00e9szen a k\u00f6zter\u00fcletek min\u0151s\u00e9g\u00e9ig, a szoci\u00e1lis k\u00e9rd\u00e9sekig \u00e9s a fiatalok j\u00f6v\u0151j\u00e9ig.  <\/p>\n<p>A csapat magj\u00e1t olyan emberek alkotj\u00e1k, akik k\u00fcl\u00f6nb\u00f6z\u0151 szempontokb\u00f3l ismerik a v\u00e1rost, \u00e9s nem csup\u00e1n elm\u00e9leti, hanem gyakorlati tapasztalatokkal is rendelkeznek.<\/p>\n\n        <\/div>\n          <\/div>\n\n          <div class=\"mt-10 lg:mt-20 grid grid-cols-1 lg:grid-cols-2 gap-4 lg:gap-8  \">\n                  <a  class=\"flex hover:[&#038;_.link]:after:!w-full hover:[&#038;_.title-scale]:translate-x-0 flex-col sm:flex-row sm:gap-10 shadow-[0_2px_20px_0_rgba(0,0,0,0.1)]\">\n                          <div class=\"sm:w-[241px] sm:flex-[0_0_241px]\">\n                <img decoding=\"async\" src=\"https:\/\/romanvalo.sk\/wp-content\/uploads\/sites\/2\/2026\/02\/Cico.jpeg\" alt=\"\"\n                     class=\"w-full object-cover aspect-video sm:aspect-auto sm:h-full\">\n              <\/div>\n                        <div class=\"flex flex-col w-full\">\n                              <div\n                  class=\"relative title-scale -top-6 px-3 -mb-6 sm:top-0 sm:-mb-0 sm:pt-[18px] sm:-translate-x-20 duration-300 ease-in-out \">\n                  <h3\n                    class=\"bg-primary-lighter p-2 inline-block text-primary-dark\n                  font-normal text-3.5xl  l relative z-10 pt-3\">\n                    Jaro Matzenauer \n                  <\/h3>\n                <\/div>\n                            <div class=\"px-4 pb-4 pt-8 sm:p-0 sm:pt-5 flex flex-col flex-grow w-full\">\n                                  <p class=\" sm:pe-8 text-bae lg:text-lg\">\n                    Seg\u00edt a digitaliz\u00e1ci\u00f3, az informatikai rendszerek \u00e9s a projektmenedzsment megold\u00e1s\u00e1ban, hogy a v\u00e1ros m\u0171k\u00f6d\u00e9se gyorsabb, \u00e1tl\u00e1that\u00f3bb \u00e9s k\u00f6lts\u00e9ghat\u00e9konyabb legyen.\n                  <\/p>\n                \n                              <\/div>\n            <\/div>\n\n          <\/a>\n                  <a  class=\"flex hover:[&#038;_.link]:after:!w-full hover:[&#038;_.title-scale]:translate-x-0 flex-col sm:flex-row sm:gap-10 shadow-[0_2px_20px_0_rgba(0,0,0,0.1)]\">\n                          <div class=\"sm:w-[241px] sm:flex-[0_0_241px]\">\n                <img decoding=\"async\" src=\"https:\/\/romanvalo.sk\/wp-content\/uploads\/sites\/2\/2026\/02\/Karina-Rosiarova-1x1-1.jpg\" alt=\"\"\n                     class=\"w-full object-cover aspect-video sm:aspect-auto sm:h-full\">\n              <\/div>\n                        <div class=\"flex flex-col w-full\">\n                              <div\n                  class=\"relative title-scale -top-6 px-3 -mb-6 sm:top-0 sm:-mb-0 sm:pt-[18px] sm:-translate-x-20 duration-300 ease-in-out \">\n                  <h3\n                    class=\"bg-primary-lighter p-2 inline-block text-primary-dark\n                  font-normal text-3.5xl  l relative z-10 pt-3\">\n                    Karin Rosiarov\u00e1\n                  <\/h3>\n                <\/div>\n                            <div class=\"px-4 pb-4 pt-8 sm:p-0 sm:pt-5 flex flex-col flex-grow w-full\">\n                                  <p class=\" sm:pe-8 text-bae lg:text-lg\">\n                    K\u00f6zigazgat\u00e1si tapasztalatokkal, jogszab\u00e1lyi ismeretekkel \u00e9s a k\u00f6zigazgat\u00e1s bonyolult folyamataiban val\u00f3 j\u00e1rtass\u00e1ggal rendelkezik. \n                  <\/p>\n                \n                              <\/div>\n            <\/div>\n\n          <\/a>\n                  <a  class=\"flex hover:[&#038;_.link]:after:!w-full hover:[&#038;_.title-scale]:translate-x-0 flex-col sm:flex-row sm:gap-10 shadow-[0_2px_20px_0_rgba(0,0,0,0.1)]\">\n                          <div class=\"sm:w-[241px] sm:flex-[0_0_241px]\">\n                <img decoding=\"async\" src=\"https:\/\/romanvalo.sk\/wp-content\/uploads\/sites\/2\/2026\/02\/Tim-Csaba-Horvath-e1771511814590.jpg\" alt=\"\"\n                     class=\"w-full object-cover aspect-video sm:aspect-auto sm:h-full\">\n              <\/div>\n                        <div class=\"flex flex-col w-full\">\n                              <div\n                  class=\"relative title-scale -top-6 px-3 -mb-6 sm:top-0 sm:-mb-0 sm:pt-[18px] sm:-translate-x-20 duration-300 ease-in-out \">\n                  <h3\n                    class=\"bg-primary-lighter p-2 inline-block text-primary-dark\n                  font-normal text-3.5xl  l relative z-10 pt-3\">\n                    Csaba Horv\u00e1th \n                  <\/h3>\n                <\/div>\n                            <div class=\"px-4 pb-4 pt-8 sm:p-0 sm:pt-5 flex flex-col flex-grow w-full\">\n                                  <p class=\" sm:pe-8 text-bae lg:text-lg\">\n                    Hossz\u00fa \u00e9vek \u00f3ta foglalkozik k\u00f6z\u00f6ss\u00e9gi \u00e9s szoci\u00e1lis munk\u00e1val a marginaliz\u00e1lt csoportok k\u00f6r\u00e9ben.\n                  <\/p>\n                \n                              <\/div>\n            <\/div>\n\n          <\/a>\n                  <a  class=\"flex hover:[&#038;_.link]:after:!w-full hover:[&#038;_.title-scale]:translate-x-0 flex-col sm:flex-row sm:gap-10 shadow-[0_2px_20px_0_rgba(0,0,0,0.1)]\">\n                          <div class=\"sm:w-[241px] sm:flex-[0_0_241px]\">\n                <img decoding=\"async\" src=\"https:\/\/romanvalo.sk\/wp-content\/uploads\/sites\/2\/2026\/02\/Tim-Demeter-Michal-e1771511860108.jpg\" alt=\"\"\n                     class=\"w-full object-cover aspect-video sm:aspect-auto sm:h-full\">\n              <\/div>\n                        <div class=\"flex flex-col w-full\">\n                              <div\n                  class=\"relative title-scale -top-6 px-3 -mb-6 sm:top-0 sm:-mb-0 sm:pt-[18px] sm:-translate-x-20 duration-300 ease-in-out \">\n                  <h3\n                    class=\"bg-primary-lighter p-2 inline-block text-primary-dark\n                  font-normal text-3.5xl  l relative z-10 pt-3\">\n                    Michal Demeter\n                  <\/h3>\n                <\/div>\n                            <div class=\"px-4 pb-4 pt-8 sm:p-0 sm:pt-5 flex flex-col flex-grow w-full\">\n                                  <p class=\" sm:pe-8 text-bae lg:text-lg\">\n                    A v\u00e1ros gazdas\u00e1g\u00e1nak, k\u00f6lts\u00e9gvet\u00e9s\u00e9nek \u00e9s gazd\u00e1lkod\u00e1s\u00e1nak t\u00e1masza.\n                  <\/p>\n                \n                              <\/div>\n            <\/div>\n\n          <\/a>\n                  <a  class=\"flex hover:[&#038;_.link]:after:!w-full hover:[&#038;_.title-scale]:translate-x-0 flex-col sm:flex-row sm:gap-10 shadow-[0_2px_20px_0_rgba(0,0,0,0.1)]\">\n                          <div class=\"sm:w-[241px] sm:flex-[0_0_241px]\">\n                <img decoding=\"async\" src=\"https:\/\/romanvalo.sk\/wp-content\/uploads\/sites\/2\/2026\/02\/Tim-Tanko-Stefan-1024x768.jpg\" alt=\"\"\n                     class=\"w-full object-cover aspect-video sm:aspect-auto sm:h-full\">\n              <\/div>\n                        <div class=\"flex flex-col w-full\">\n                              <div\n                  class=\"relative title-scale -top-6 px-3 -mb-6 sm:top-0 sm:-mb-0 sm:pt-[18px] sm:-translate-x-20 duration-300 ease-in-out \">\n                  <h3\n                    class=\"bg-primary-lighter p-2 inline-block text-primary-dark\n                  font-normal text-3.5xl  l relative z-10 pt-3\">\n                    \u0160tefan Tank\u00f3 \n                  <\/h3>\n                <\/div>\n                            <div class=\"px-4 pb-4 pt-8 sm:p-0 sm:pt-5 flex flex-col flex-grow w-full\">\n                                  <p class=\" sm:pe-8 text-bae lg:text-lg\">\n                    Egy gyakorlati szakember szemsz\u00f6g\u00e9b\u0151l mutatja be a mez\u0151gazdas\u00e1gban, az \u00e1llatteny\u00e9szt\u00e9sben \u00e9s a v\u00e1ros peremter\u00fcletein szerzett tapasztalatait.\n                  <\/p>\n                \n                              <\/div>\n            <\/div>\n\n          <\/a>\n                  <a  class=\"flex hover:[&#038;_.link]:after:!w-full hover:[&#038;_.title-scale]:translate-x-0 flex-col sm:flex-row sm:gap-10 shadow-[0_2px_20px_0_rgba(0,0,0,0.1)]\">\n                          <div class=\"sm:w-[241px] sm:flex-[0_0_241px]\">\n                <img decoding=\"async\" src=\"https:\/\/romanvalo.sk\/wp-content\/uploads\/sites\/2\/2026\/02\/Tim-Magic-Oliver-e1771511950411-1010x1024.jpg\" alt=\"\"\n                     class=\"w-full object-cover aspect-video sm:aspect-auto sm:h-full\">\n              <\/div>\n                        <div class=\"flex flex-col w-full\">\n                              <div\n                  class=\"relative title-scale -top-6 px-3 -mb-6 sm:top-0 sm:-mb-0 sm:pt-[18px] sm:-translate-x-20 duration-300 ease-in-out \">\n                  <h3\n                    class=\"bg-primary-lighter p-2 inline-block text-primary-dark\n                  font-normal text-3.5xl  l relative z-10 pt-3\">\n                    Oliver Magic \n                  <\/h3>\n                <\/div>\n                            <div class=\"px-4 pb-4 pt-8 sm:p-0 sm:pt-5 flex flex-col flex-grow w-full\">\n                                  <p class=\" sm:pe-8 text-bae lg:text-lg\">\n                    A fiatal gener\u00e1ci\u00f3 hangj\u00e1t k\u00e9pviseli \u2013 bemutatja a fiatalok v\u00e9lem\u00e9ny\u00e9t az oktat\u00e1sr\u00f3l, a k\u00f6zterekr\u0151l, a kult\u00far\u00e1r\u00f3l \u00e9s a r\u00e9szv\u00e9telr\u0151l.\n                  <\/p>\n                \n                              <\/div>\n            <\/div>\n\n          <\/a>\n              <\/div>\n      <\/div>\n<\/div>\n<div class=\"image-text-block\" >\n  <div class=\"md:container md:mx-auto grid grid-cols-1 md:grid-cols-2\">\n    <div\n      class=\"py-16 order-1 flex items-center   md:ps-10 xl:ps-20 md:order-2 \">\n      <div class=\"px-4\">\n        \n                  <div class=\"prose  mt-6\">\n            <p>Ezzel a csapattal az emberek k\u00f6z\u00e9 fogunk menni \u2013 a lak\u00f3telepekre, az utc\u00e1kra \u00e9s a v\u00e1rosr\u00e9szekbe is. Meghallgatjuk \u0151ket, k\u00e9rd\u00e9seket tesz\u00fcnk fel, \u00e9s \u00e9rdekl\u0151d\u00fcnk a saj\u00e1tjainkt\u00f3l elt\u00e9r\u0151 v\u00e9lem\u00e9nyek ir\u00e1nt is. Hiszen a j\u00f3 megold\u00e1sok az emberekkel folytatott besz\u00e9lget\u00e9sek sor\u00e1n sz\u00fcletnek, nem z\u00e1rt ajt\u00f3k m\u00f6g\u00f6tt.   <strong>M\u00e1r most is \u00e9rtes\u00edthet minket \u2013 al\u00e1bb tal\u00e1l egy QR-k\u00f3dot, amelyen kereszt\u00fcl k\u00f6zvetlen\u00fcl velem veheti fel a kapcsolatot.<\/strong><\/p>\n\n          <\/div>\n        \n              <\/div>\n    <\/div>\n    <div class=\"order-2  md:order-1 \">\n              <img decoding=\"async\" src=\"https:\/\/romanvalo.sk\/wp-content\/uploads\/sites\/2\/2026\/02\/Tim-Valo-3-1-4-1-edited-1024x576.jpg\" alt=\"\"\n             class=\"w-full h-auto md:h-full md:object-cover\">\n          <\/div>\n  <\/div>\n<\/div>\n<div class=\"image-text-block\"  id=\"qr-kod\" >\n  <div class=\"md:container md:mx-auto grid grid-cols-1 md:grid-cols-2\">\n    <div\n      class=\"py-16 order-1 flex items-center   md:pe-10 xl:pe-20 \">\n      <div class=\"px-4\">\n                  <h2 class=\"headline-bg\">\n            A szem\u00e9lyes sz\u00e1mom \u2013 \u00edrj nekem\n          <\/h2>\n        \n                  <div class=\"prose  mt-6\">\n            <p>Csatlakozz a WhatsApp-k\u00f6z\u00f6ss\u00e9ghez, ahol k\u00f6z\u00f6sen keress\u00fck a legjobb megold\u00e1sokat Rimavsk\u00e1 Sobota sz\u00e1m\u00e1ra.<\/p>\n\n          <\/div>\n        \n              <\/div>\n    <\/div>\n    <div class=\"order-2 \">\n              <img decoding=\"async\" src=\"https:\/\/romanvalo.sk\/wp-content\/uploads\/sites\/2\/2026\/02\/Untitled-design-2.png\" alt=\"\"\n             class=\"w-full h-auto md:h-full md:object-cover\">\n          <\/div>\n  <\/div>\n<\/div>\n\n<p class=\"has-text-align-center\"><em>Egyet\u00e9rtek a h\u00edrlevelek k\u00fcld\u00e9s\u00e9vel \u00e9s a szem\u00e9lyes adatok e c\u00e9lb\u00f3l t\u00f6rt\u00e9n\u0151 feldolgoz\u00e1s\u00e1val. Tov\u00e1bbi inform\u00e1ci\u00f3k az adatkezel\u00e9sr\u0151l \u00e9s a hozz\u00e1j\u00e1rul\u00e1s visszavon\u00e1s\u00e1r\u00f3l a <a href=\"https:\/\/progresivne.sk\/informacie-o-spracuvani-ochrane-osobnych-udajov\/\">GDPR ochrana<\/a> <\/em><\/p>\n<div class=\"faqs-block py-24\"  id=\"k\u00e9rd\u00e9sek\" >\n  <div class=\"container\">\n    <div class=\"max-w-xl mx-auto text-center flex flex-col items-center gap-6\">\n              <h2 class=\"headline-bg\">\n          Ti k\u00e9rdeztek, \u00e9n v\u00e1laszolok\n        <\/h2>\n      \n              <div class=\"prose\">\n          <p>Ha k\u00e9rd\u00e9se van, vagy saj\u00e1t elk\u00e9pzel\u00e9se arr\u00f3l, milyen ir\u00e1nyba kellene haladnia Rimavsk\u00e1 Sobot\u00e1nak, szeretn\u00e9m hallani. A v\u00e1rost csak akkor lehet j\u00f3l ir\u00e1ny\u00edtani, ha a vezet\u00e9se meghallgatja az ott \u00e9l\u0151ket.<br \/>\nHa beolvassa a fenti QR-k\u00f3dot, k\u00f6zvetlen\u00fcl kapcsolatba l\u00e9phet velem, \u00e9s csatlakozhat a WhatsApp-k\u00f6z\u00f6ss\u00e9ghez, ahol mi, szombatiaiak, egy\u00fctt vitatjuk meg, mi foglalkoztatja v\u00e1rosunkat, \u00e9s hogyan tudjuk ezt megv\u00e1ltoztatni.<\/p>\n\n        <\/div>\n      \n          <\/div>\n\n          <div class=\"mt-10 lg:mt-20 max-w-5xl mx-auto accordion-container\">\n                  <div\n            class=\"accordion-item  border-b  border-b-primary-lighter  \">\n            <div\n              class=\"header-accordion pe-4 py-4 lg:pe-6 flex justify-between  items-center gap-8 lg:py-8 cursor-pointer\">\n              <p\n                class=\"bg-primary-lighter pt-2 font-kapra font-bold px-2 uppercase text-primary-dark text-2xl lg:text-3.5xl \">\n                Mi tetszik nekem a legjobban Rimavsk\u00e1 Sobot\u00e1ban?\n              <\/p>\n              <div>\n                <svg class=\"icon icon-circle-arrow-down\" width=\"32\" height=\"33\" viewBox=\"0 0 32 33\" fill=\"none\" xmlns=\"http:\/\/www.w3.org\/2000\/svg\">\n  <rect x=\"1\" y=\"1.5\" width=\"30\" height=\"30\" rx=\"15\" stroke=\"#213679\" stroke-width=\"2\"\/>\n  <path d=\"M20.1667 14.4166L16 18.5833L11.8334 14.4166\" stroke=\"#213679\" stroke-width=\"2\" stroke-linecap=\"round\"\n        stroke-linejoin=\"round\"\/>\n<\/svg>\n              <\/div>\n            <\/div>\n            <div class=\" content-accordion\">\n              <div class=\"prose pb-8\">\n                <p>A csal\u00e1domat, a feles\u00e9gemet \u00e9s a h\u00e1rom gyermek\u00fcnket. \u00c9s azt is, hogy Rimavsk\u00e1 Sobota m\u00e9g mindig olyan v\u00e1ros, ahol az emberek ismerik egym\u00e1st, seg\u00edtik egym\u00e1st, \u00e9s ahol a k\u00f6z\u00f6ss\u00e9gi \u00e9letnek van \u00e9rtelme. Ezt az embers\u00e9get nagy \u00e9rt\u00e9knek tartom, amelyet meg kell \u0151rizn\u00fcnk \u00e9s fejleszten\u00fcnk kell.  <\/p>\n\n              <\/div>\n            <\/div>\n          <\/div>\n\n                  <div\n            class=\"accordion-item  border-b  border-b-primary-lighter  \">\n            <div\n              class=\"header-accordion pe-4 py-4 lg:pe-6 flex justify-between  items-center gap-8 lg:py-8 cursor-pointer\">\n              <p\n                class=\"bg-primary-lighter pt-2 font-kapra font-bold px-2 uppercase text-primary-dark text-2xl lg:text-3.5xl \">\n                \u00c9rdemes-e folytatni a helyi politik\u00e1ban elt\u00f6lt\u00f6tt k\u00f6zel nyolc \u00e9v ut\u00e1n?\n              <\/p>\n              <div>\n                <svg class=\"icon icon-circle-arrow-down\" width=\"32\" height=\"33\" viewBox=\"0 0 32 33\" fill=\"none\" xmlns=\"http:\/\/www.w3.org\/2000\/svg\">\n  <rect x=\"1\" y=\"1.5\" width=\"30\" height=\"30\" rx=\"15\" stroke=\"#213679\" stroke-width=\"2\"\/>\n  <path d=\"M20.1667 14.4166L16 18.5833L11.8334 14.4166\" stroke=\"#213679\" stroke-width=\"2\" stroke-linecap=\"round\"\n        stroke-linejoin=\"round\"\/>\n<\/svg>\n              <\/div>\n            <\/div>\n            <div class=\" content-accordion\">\n              <div class=\"prose pb-8\">\n                <p>Igen. Pont az elm\u00falt \u00e9vek tapasztalatainak k\u00f6sz\u00f6nhet\u0151en tudom a dolgokat nyugodtabban \u00e9s felel\u0151ss\u00e9gteljesebben kezelni. Tudom, hol nem m\u0171k\u00f6dik a rendszer, mit kell megv\u00e1ltoztatni ahhoz, hogy a v\u00e1ros jobban szolg\u00e1lja az embereket. A v\u00e1ros \u00e9s az emberek \u00e9rdek\u00e9ben v\u00e9gzett munka sz\u00e1momra m\u00e9lyebb \u00e9rtelmet jelent, mint puszt\u00e1n a k\u00e9pvisel\u0151-test\u00fcleti szavaz\u00e1s. Azt jelenti, hogy az emberek rendelkez\u00e9s\u00e9re \u00e1llok, megoldom a probl\u00e9m\u00e1ikat \u00e9s \u00f6sszek\u00f6t\u00f6m \u0151ket.    <\/p>\n\n              <\/div>\n            <\/div>\n          <\/div>\n\n                  <div\n            class=\"accordion-item  border-b  border-b-primary-lighter  \">\n            <div\n              class=\"header-accordion pe-4 py-4 lg:pe-6 flex justify-between  items-center gap-8 lg:py-8 cursor-pointer\">\n              <p\n                class=\"bg-primary-lighter pt-2 font-kapra font-bold px-2 uppercase text-primary-dark text-2xl lg:text-3.5xl \">\n                Mi\u00e9rt indulok a Progresz\u00edv Szlov\u00e1kia sz\u00edneiben?\n              <\/p>\n              <div>\n                <svg class=\"icon icon-circle-arrow-down\" width=\"32\" height=\"33\" viewBox=\"0 0 32 33\" fill=\"none\" xmlns=\"http:\/\/www.w3.org\/2000\/svg\">\n  <rect x=\"1\" y=\"1.5\" width=\"30\" height=\"30\" rx=\"15\" stroke=\"#213679\" stroke-width=\"2\"\/>\n  <path d=\"M20.1667 14.4166L16 18.5833L11.8334 14.4166\" stroke=\"#213679\" stroke-width=\"2\" stroke-linecap=\"round\"\n        stroke-linejoin=\"round\"\/>\n<\/svg>\n              <\/div>\n            <\/div>\n            <div class=\" content-accordion\">\n              <div class=\"prose pb-8\">\n                <p>Mert olyan politik\u00e1t szeretn\u00e9k folytatni, amely a tisztess\u00e9gen, a nyitotts\u00e1gon, az egy\u00fcttm\u0171k\u00f6d\u00e9sen \u00e9s a toleranci\u00e1n alapul. Ez\u00e9rt egy\u00e9rtelm\u0171en kijelentem, hogy polg\u00e1rmesterk\u00e9nt minden szobotiai polg\u00e1r\u00e9rt fogok dolgozni, politikai n\u00e9zetekt\u0151l f\u00fcggetlen\u00fcl. <\/p>\n\n              <\/div>\n            <\/div>\n          <\/div>\n\n                  <div\n            class=\"accordion-item  \">\n            <div\n              class=\"header-accordion pe-4 py-4 lg:pe-6 flex justify-between  items-center gap-8 lg:py-8 cursor-pointer\">\n              <p\n                class=\"bg-primary-lighter pt-2 font-kapra font-bold px-2 uppercase text-primary-dark text-2xl lg:text-3.5xl \">\n                Hogyan t\u00e1mogathatom a \u201eRimavsk\u00e1 Sobota mindenkinek\u201d kamp\u00e1nyt?\n              <\/p>\n              <div>\n                <svg class=\"icon icon-circle-arrow-down\" width=\"32\" height=\"33\" viewBox=\"0 0 32 33\" fill=\"none\" xmlns=\"http:\/\/www.w3.org\/2000\/svg\">\n  <rect x=\"1\" y=\"1.5\" width=\"30\" height=\"30\" rx=\"15\" stroke=\"#213679\" stroke-width=\"2\"\/>\n  <path d=\"M20.1667 14.4166L16 18.5833L11.8334 14.4166\" stroke=\"#213679\" stroke-width=\"2\" stroke-linecap=\"round\"\n        stroke-linejoin=\"round\"\/>\n<\/svg>\n              <\/div>\n            <\/div>\n            <div class=\" content-accordion\">\n              <div class=\"prose pb-8\">\n                <p>Ahogy tudom, \u00f6r\u00fcln\u00e9k, ha csatlakozn\u00e1l a kamp\u00e1nyhoz, ak\u00e1r t\u00e1mogat\u00e1soddal, szak\u00e9rtelmeddel, ak\u00e1r \u00f6nk\u00e9ntesk\u00e9nt. Ezen az oldalon megtal\u00e1lod a WhatsApp-csoportba val\u00f3 csatlakoz\u00e1shoz sz\u00fcks\u00e9ges QR-k\u00f3dot, a \u201eSzeretn\u00e9k hozz\u00e1j\u00e1rulni\u201d gombot, valamint a k\u00f6zelg\u0151 rendezv\u00e9nyek list\u00e1j\u00e1t. Jelezd nek\u00fcnk, hogy itt vagy! A Rimavsk\u00e1 Sobota mindenki\u00e9rt kamp\u00e1ny?  <\/p>\n\n              <\/div>\n            <\/div>\n          <\/div>\n\n              <\/div>\n      <\/div>\n<\/div>\n<div class=\"reviews-block py-24 overflow-hidden\"  id=\"t\u00e1mogat\u00e1s\" >\n  <div class=\"container \">\n    <div class=\"max-w-xl mx-auto text-center flex flex-col items-center gap-6\">\n              <h2 class=\"headline-bg\">\n          Mit mondtak r\u00f3lam\n        <\/h2>\n      \n          <\/div>\n          <div class=\"swiper !overflow-visible\">\n        <div class=\"swiper-wrapper pt-20\">\n                      <div class=\"swiper-slide lg:pb-20 \">\n              <div class=\"review-item px-6 py-8 flex flex-col gap-[30px] relative lg:py-10 lg:px-8 rounded-[44px]\n                 bg-white [filter:drop-shadow(0_2px_20px_rgba(0,0,0,0.1))]\">\n                <div class=\"absolute right-0 -top-9\">\n                  <svg class=\"icon icon-quote w-[60px] h-[51px] lg:w-[80px] lg:h-[67px]\" width=\"80\" height=\"67\" viewBox=\"0 0 80 67\" fill=\"none\" xmlns=\"http:\/\/www.w3.org\/2000\/svg\">\n  <path\n    d=\"M36.1592 13.5887C31.1007 16.4197 23.9813 23.0254 22.8571 29.8197C32.5995 32.0845 37.6581 40.2 37.6581 48.1268C37.6581 58.507 29.4145 67 19.1101 67C8.80562 67 0 60.0169 0 46.6169C0 27.5549 9.55503 10.0028 23.9813 0L36.1592 13.5887ZM78.5012 13.5887C73.4426 16.4197 66.3232 23.0254 65.1991 29.8197C74.9414 32.0845 80 40.2 80 48.1268C80 58.507 71.7564 67 61.452 67C51.1475 67 42.3419 60.0169 42.3419 46.6169C42.3419 27.5549 51.897 10.0028 66.3232 0L78.5012 13.5887Z\"\n    fill=\"#213679\"\/>\n<\/svg>\n                <\/div>\n                <div>\n                                      <div class=\"prose !text-lg lg:!text-2xl\">\n                      <p>Romana Va\u013e\u00e1t v\u00e1rosi k\u00e9pvisel\u0151k\u00e9nt \u00e9s a k\u00e9pvisel\u0151csoport eln\u00f6kek\u00e9nt ismerem. Mindig is kiemelkedett aktivit\u00e1s\u00e1val, precizit\u00e1s\u00e1val, a r\u00e9szletek ir\u00e1nti \u00e9rz\u00e9k\u00e9vel, egyeness\u00e9g\u00e9vel \u00e9s magas szint\u0171 szak\u00e9rtelm\u00e9vel. Elvi \u00e9s kritikus \u00e1ll\u00e1spontokat k\u00e9pviselt, amelyeket \u00e9rvekkel t\u00e1masztott al\u00e1. Pragmatikus t\u00edpus, tervez\u0151, aki m\u00e9lyen elk\u00f6telezett a csal\u00e1d ir\u00e1nt.   <\/p>\n\n                    <\/div>\n                                  <\/div>\n                <div class=\"flex items-center gap-4\">\n                                      <div>\n                      <img decoding=\"async\" src=\"https:\/\/romanvalo.sk\/wp-content\/uploads\/sites\/2\/2026\/02\/Bagacka-Jaroslav-150x150.jpg\"\n                           alt=\"\"\n                           class=\"w-10 h-10 rounded-full lg:w-20 lg:h-20 object-cover object-center\"\n                      >\n                    <\/div>\n                  \n                                      <p class=\"text-lg font-normal text-primary-dark\">\n                      Jaroslav Baga\u010dka\n                    <\/p>\n                                  <\/div>\n              <\/div>\n            <\/div>\n                      <div class=\"swiper-slide lg:pb-20 \">\n              <div class=\"review-item px-6 py-8 flex flex-col gap-[30px] relative lg:py-10 lg:px-8 rounded-[44px]\n                 bg-white [filter:drop-shadow(0_2px_20px_rgba(0,0,0,0.1))]\">\n                <div class=\"absolute right-0 -top-9\">\n                  <svg class=\"icon icon-quote w-[60px] h-[51px] lg:w-[80px] lg:h-[67px]\" width=\"80\" height=\"67\" viewBox=\"0 0 80 67\" fill=\"none\" xmlns=\"http:\/\/www.w3.org\/2000\/svg\">\n  <path\n    d=\"M36.1592 13.5887C31.1007 16.4197 23.9813 23.0254 22.8571 29.8197C32.5995 32.0845 37.6581 40.2 37.6581 48.1268C37.6581 58.507 29.4145 67 19.1101 67C8.80562 67 0 60.0169 0 46.6169C0 27.5549 9.55503 10.0028 23.9813 0L36.1592 13.5887ZM78.5012 13.5887C73.4426 16.4197 66.3232 23.0254 65.1991 29.8197C74.9414 32.0845 80 40.2 80 48.1268C80 58.507 71.7564 67 61.452 67C51.1475 67 42.3419 60.0169 42.3419 46.6169C42.3419 27.5549 51.897 10.0028 66.3232 0L78.5012 13.5887Z\"\n    fill=\"#213679\"\/>\n<\/svg>\n                <\/div>\n                <div>\n                                      <div class=\"prose !text-lg lg:!text-2xl\">\n                      <p>Roman Va\u013eo v\u00e1rosunk sz\u00e1m\u00e1ra egy fiatal, energikus, ugyanakkor felel\u0151ss\u00e9gteljes alternat\u00edv\u00e1t jelent. \u0150 olyan ember, aki tiszteli a bev\u00e1lt, j\u00f3l m\u0171k\u00f6d\u0151 dolgokat, ugyanakkor b\u00e1tran hoz \u00faj \u00f6tleteket \u00e9s modern szeml\u00e9letet a v\u00e1rosvezet\u00e9sbe. \u00d6tv\u00f6zi a szak\u00e9rtelmet, a szorgalmat \u00e9s az emberek ir\u00e1nti \u00e9rz\u00e9kenys\u00e9get egy olyan v\u00e1ros v\u00edzi\u00f3j\u00e1val, ahol a hagyom\u00e1nyoknak \u00e9s a j\u00f6v\u0151nek egyar\u00e1nt helye van. Hiszem, hogy \u00e9ppen egy ilyen kiegyens\u00falyozott megk\u00f6zel\u00edt\u00e9s nyithat teret v\u00e1rosunk sz\u00e1m\u00e1ra az eg\u00e9szs\u00e9ges v\u00e1ltoz\u00e1shoz.   <\/p>\n\n                    <\/div>\n                                  <\/div>\n                <div class=\"flex items-center gap-4\">\n                                      <div>\n                      <img decoding=\"async\" src=\"https:\/\/romanvalo.sk\/wp-content\/uploads\/sites\/2\/2026\/02\/Demeterova-Nadezda-150x150.jpg\"\n                           alt=\"\"\n                           class=\"w-10 h-10 rounded-full lg:w-20 lg:h-20 object-cover object-center\"\n                      >\n                    <\/div>\n                  \n                                      <p class=\"text-lg font-normal text-primary-dark\">\n                      Nade\u017eda Demeterov\u00e1\n                    <\/p>\n                                  <\/div>\n              <\/div>\n            <\/div>\n                      <div class=\"swiper-slide lg:pb-20 \">\n              <div class=\"review-item px-6 py-8 flex flex-col gap-[30px] relative lg:py-10 lg:px-8 rounded-[44px]\n                 bg-white [filter:drop-shadow(0_2px_20px_rgba(0,0,0,0.1))]\">\n                <div class=\"absolute right-0 -top-9\">\n                  <svg class=\"icon icon-quote w-[60px] h-[51px] lg:w-[80px] lg:h-[67px]\" width=\"80\" height=\"67\" viewBox=\"0 0 80 67\" fill=\"none\" xmlns=\"http:\/\/www.w3.org\/2000\/svg\">\n  <path\n    d=\"M36.1592 13.5887C31.1007 16.4197 23.9813 23.0254 22.8571 29.8197C32.5995 32.0845 37.6581 40.2 37.6581 48.1268C37.6581 58.507 29.4145 67 19.1101 67C8.80562 67 0 60.0169 0 46.6169C0 27.5549 9.55503 10.0028 23.9813 0L36.1592 13.5887ZM78.5012 13.5887C73.4426 16.4197 66.3232 23.0254 65.1991 29.8197C74.9414 32.0845 80 40.2 80 48.1268C80 58.507 71.7564 67 61.452 67C51.1475 67 42.3419 60.0169 42.3419 46.6169C42.3419 27.5549 51.897 10.0028 66.3232 0L78.5012 13.5887Z\"\n    fill=\"#213679\"\/>\n<\/svg>\n                <\/div>\n                <div>\n                                      <div class=\"prose !text-lg lg:!text-2xl\">\n                      <p>Roman Va\u013eo gyakorlatias ember, aki k\u00e9pes v\u00e1llalni a felel\u0151ss\u00e9get \u00e9s a dolgokat v\u00e9gigvinni. Tapasztalata van a projektmenedzsmentben, k\u00e9pes \u00f6sszehozni az embereket, \u00e9s tiszteletben tartja a k\u00fcl\u00f6nb\u00f6z\u0151 v\u00e9lem\u00e9nyeket \u00e9s k\u00f6rnyezetet. Nyugodt, szakszer\u0171 \u00e9s tisztess\u00e9ges v\u00e1rosvezet\u00e9st k\u00edn\u00e1l \u2013 konfliktusok n\u00e9lk\u00fcl, az egy\u00fcttm\u0171k\u00f6d\u00e9sre \u00e9s az eredm\u00e9nyekre helyezve a hangs\u00falyt. Fontos az is, hogy sz\u00e9les k\u00f6r\u0171 politikai \u00e9s polg\u00e1ri t\u00e1mogatotts\u00e1ggal rendelkezik. \u00c9ppen ez az el\u0151felt\u00e9tele annak, hogy a v\u00e1ros \u00e9s a r\u00e9gi\u00f3 ism\u00e9t m\u0171k\u00f6d\u0151k\u00e9pes legyen \u2013 nem csak a kiv\u00e1lasztottak, hanem mindenki sz\u00e1m\u00e1ra. Rimavsk\u00e1 Sobota rendelkezik a fejl\u0151d\u00e9shez sz\u00fcks\u00e9ges potenci\u00e1llal. Roman Va\u013eo rendelkezik a tapasztalattal \u00e9s a jellemvon\u00e1sokkal ahhoz, hogy ezt az ir\u00e1nyt mutassa a v\u00e1rosnak. Ez\u00e9rt t\u00e1mogatom a jel\u00f6lts\u00e9g\u00e9t.       <\/p>\n\n                    <\/div>\n                                  <\/div>\n                <div class=\"flex items-center gap-4\">\n                                      <div>\n                      <img decoding=\"async\" src=\"https:\/\/romanvalo.sk\/wp-content\/uploads\/sites\/2\/2026\/02\/J-square-fotky-nemazat-9-150x150.png\"\n                           alt=\"Ivan Kor\u010dok\"\n                           class=\"w-10 h-10 rounded-full lg:w-20 lg:h-20 object-cover object-center\"\n                      >\n                    <\/div>\n                  \n                                      <p class=\"text-lg font-normal text-primary-dark\">\n                      Ivan Kor\u010dok\n                    <\/p>\n                                  <\/div>\n              <\/div>\n            <\/div>\n                      <div class=\"swiper-slide lg:pb-20 \">\n              <div class=\"review-item px-6 py-8 flex flex-col gap-[30px] relative lg:py-10 lg:px-8 rounded-[44px]\n                 bg-white [filter:drop-shadow(0_2px_20px_rgba(0,0,0,0.1))]\">\n                <div class=\"absolute right-0 -top-9\">\n                  <svg class=\"icon icon-quote w-[60px] h-[51px] lg:w-[80px] lg:h-[67px]\" width=\"80\" height=\"67\" viewBox=\"0 0 80 67\" fill=\"none\" xmlns=\"http:\/\/www.w3.org\/2000\/svg\">\n  <path\n    d=\"M36.1592 13.5887C31.1007 16.4197 23.9813 23.0254 22.8571 29.8197C32.5995 32.0845 37.6581 40.2 37.6581 48.1268C37.6581 58.507 29.4145 67 19.1101 67C8.80562 67 0 60.0169 0 46.6169C0 27.5549 9.55503 10.0028 23.9813 0L36.1592 13.5887ZM78.5012 13.5887C73.4426 16.4197 66.3232 23.0254 65.1991 29.8197C74.9414 32.0845 80 40.2 80 48.1268C80 58.507 71.7564 67 61.452 67C51.1475 67 42.3419 60.0169 42.3419 46.6169C42.3419 27.5549 51.897 10.0028 66.3232 0L78.5012 13.5887Z\"\n    fill=\"#213679\"\/>\n<\/svg>\n                <\/div>\n                <div>\n                                      <div class=\"prose !text-lg lg:!text-2xl\">\n                      <p>Szeretem a k\u00edv\u00e1ncsi di\u00e1kokat. Roman is ilyen volt. \u00d6r\u00fcl\u00f6k, hogy a k\u00edv\u00e1ncsis\u00e1ga az \u00e9vek ut\u00e1n is megmaradt. Figyelemmel k\u00eds\u00e9rem a v\u00e1rosi k\u00e9pvisel\u0151k\u00e9nt tett er\u0151fesz\u00edt\u00e9seit, a v\u00e1ros, az emberek, az \u00e9p\u00fcletek \u00e9s a j\u00e1rd\u00e1k ir\u00e1nti \u00e9rdekl\u0151d\u00e9s\u00e9t. Gondoskod\u00f3 apa, feles\u00e9g\u00e9vel egy\u00fctt a gyermekeiket a sport \u00e9s a m\u0171v\u00e9szetek fel\u00e9 terelik, \u00e9s a legjobb tulajdons\u00e1gaikat adj\u00e1k \u00e1t nekik.    <\/p>\n\n                    <\/div>\n                                  <\/div>\n                <div class=\"flex items-center gap-4\">\n                                      <div>\n                      <img decoding=\"async\" src=\"https:\/\/romanvalo.sk\/wp-content\/uploads\/sites\/2\/2026\/02\/Hlusikova-Marta-150x150.jpg\"\n                           alt=\"\"\n                           class=\"w-10 h-10 rounded-full lg:w-20 lg:h-20 object-cover object-center\"\n                      >\n                    <\/div>\n                  \n                                      <p class=\"text-lg font-normal text-primary-dark\">\n                      Marta Hlu\u0161\u00edkov\u00e1\n                    <\/p>\n                                  <\/div>\n              <\/div>\n            <\/div>\n                      <div class=\"swiper-slide lg:pb-20 \">\n              <div class=\"review-item px-6 py-8 flex flex-col gap-[30px] relative lg:py-10 lg:px-8 rounded-[44px]\n                 bg-white [filter:drop-shadow(0_2px_20px_rgba(0,0,0,0.1))]\">\n                <div class=\"absolute right-0 -top-9\">\n                  <svg class=\"icon icon-quote w-[60px] h-[51px] lg:w-[80px] lg:h-[67px]\" width=\"80\" height=\"67\" viewBox=\"0 0 80 67\" fill=\"none\" xmlns=\"http:\/\/www.w3.org\/2000\/svg\">\n  <path\n    d=\"M36.1592 13.5887C31.1007 16.4197 23.9813 23.0254 22.8571 29.8197C32.5995 32.0845 37.6581 40.2 37.6581 48.1268C37.6581 58.507 29.4145 67 19.1101 67C8.80562 67 0 60.0169 0 46.6169C0 27.5549 9.55503 10.0028 23.9813 0L36.1592 13.5887ZM78.5012 13.5887C73.4426 16.4197 66.3232 23.0254 65.1991 29.8197C74.9414 32.0845 80 40.2 80 48.1268C80 58.507 71.7564 67 61.452 67C51.1475 67 42.3419 60.0169 42.3419 46.6169C42.3419 27.5549 51.897 10.0028 66.3232 0L78.5012 13.5887Z\"\n    fill=\"#213679\"\/>\n<\/svg>\n                <\/div>\n                <div>\n                                      <div class=\"prose !text-lg lg:!text-2xl\">\n                      <p>Roman elk\u00e9pzel\u00e9se egy modern, tisztess\u00e9ges \u00e9s j\u00f3l m\u0171k\u00f6d\u0151 Rimavsk\u00e1 Sobota. Egy olyan v\u00e1ros, ahol otthon \u00e9rezheti mag\u00e1t az id\u0151sebb \u00e9s a fiatalabb gener\u00e1ci\u00f3, a szlov\u00e1k, a magyar \u00e9s a roma is \u2013 mindenki, aki szereti a hagyom\u00e1nyokat \u00e9s a modern vil\u00e1got egyar\u00e1nt. T\u00f6bb mint 30 \u00e9ve ismerem Romant, tudom, hogy elk\u00e9pzel\u00e9se \u0151szinte, ez\u00e9rt t\u00e1mogatom \u0151t.  <\/p>\n\n                    <\/div>\n                                  <\/div>\n                <div class=\"flex items-center gap-4\">\n                                      <div>\n                      <img decoding=\"async\" src=\"https:\/\/romanvalo.sk\/wp-content\/uploads\/sites\/2\/2026\/02\/Ondrejcsak-Robert-150x150.jpg\"\n                           alt=\"\"\n                           class=\"w-10 h-10 rounded-full lg:w-20 lg:h-20 object-cover object-center\"\n                      >\n                    <\/div>\n                  \n                                      <p class=\"text-lg font-normal text-primary-dark\">\n                      R\u00f3bert Ondrejcs\u00e1k\n                    <\/p>\n                                  <\/div>\n              <\/div>\n            <\/div>\n                      <div class=\"swiper-slide lg:pb-20 \">\n              <div class=\"review-item px-6 py-8 flex flex-col gap-[30px] relative lg:py-10 lg:px-8 rounded-[44px]\n                 bg-white [filter:drop-shadow(0_2px_20px_rgba(0,0,0,0.1))]\">\n                <div class=\"absolute right-0 -top-9\">\n                  <svg class=\"icon icon-quote w-[60px] h-[51px] lg:w-[80px] lg:h-[67px]\" width=\"80\" height=\"67\" viewBox=\"0 0 80 67\" fill=\"none\" xmlns=\"http:\/\/www.w3.org\/2000\/svg\">\n  <path\n    d=\"M36.1592 13.5887C31.1007 16.4197 23.9813 23.0254 22.8571 29.8197C32.5995 32.0845 37.6581 40.2 37.6581 48.1268C37.6581 58.507 29.4145 67 19.1101 67C8.80562 67 0 60.0169 0 46.6169C0 27.5549 9.55503 10.0028 23.9813 0L36.1592 13.5887ZM78.5012 13.5887C73.4426 16.4197 66.3232 23.0254 65.1991 29.8197C74.9414 32.0845 80 40.2 80 48.1268C80 58.507 71.7564 67 61.452 67C51.1475 67 42.3419 60.0169 42.3419 46.6169C42.3419 27.5549 51.897 10.0028 66.3232 0L78.5012 13.5887Z\"\n    fill=\"#213679\"\/>\n<\/svg>\n                <\/div>\n                <div>\n                                      <div class=\"prose !text-lg lg:!text-2xl\">\n                      <p>Roman egy sikeres ember, aki bebizony\u00edtotta, hogy k\u00e9pes felel\u0151ss\u00e9get v\u00e1llalni, d\u00f6nt\u00e9seket hozni \u00e9s a dolgokat v\u00e9gigvinni. Ugyanakkor tisztess\u00e9ges, becs\u00fcletes \u00e9s nyitott, t\u00f6r\u0151dik az emberekkel \u00e9s v\u00e1rosunk j\u00f6v\u0151j\u00e9vel. Hiszem, hogy tapasztalatai, szorgalma \u00e9s j\u00f3zan esze pozit\u00edv v\u00e1ltoz\u00e1st, stabilit\u00e1st \u00e9s \u00faj lend\u00fcletet hozhatnak Rimavsk\u00e1 Sobota v\u00e1ros\u00e1nak.  <\/p>\n\n                    <\/div>\n                                  <\/div>\n                <div class=\"flex items-center gap-4\">\n                                      <div>\n                      <img decoding=\"async\" src=\"https:\/\/romanvalo.sk\/wp-content\/uploads\/sites\/2\/2026\/02\/Horvath-Csaba-150x150.jpg\"\n                           alt=\"\"\n                           class=\"w-10 h-10 rounded-full lg:w-20 lg:h-20 object-cover object-center\"\n                      >\n                    <\/div>\n                  \n                                      <p class=\"text-lg font-normal text-primary-dark\">\n                      Csaba Horv\u00e1th\n                    <\/p>\n                                  <\/div>\n              <\/div>\n            <\/div>\n                  <\/div>\n        <div class=\"swiper-pagination pb-4\"><\/div>\n      <\/div>\n      <\/div>\n<\/div>\n","protected":false},"excerpt":{"rendered":"<p>Egyet\u00e9rtek a h\u00edrlevelek k\u00fcld\u00e9s\u00e9vel \u00e9s a szem\u00e9lyes adatok e c\u00e9lb\u00f3l t\u00f6rt\u00e9n\u0151 feldolgoz\u00e1s\u00e1val. Tov\u00e1bbi inform\u00e1ci\u00f3k az adatkezel\u00e9sr\u0151l \u00e9s a hozz\u00e1j\u00e1rul\u00e1s visszavon\u00e1s\u00e1r\u00f3l a GDPR ochrana<\/p>\n","protected":false},"author":8,"featured_media":0,"parent":0,"menu_order":0,"comment_status":"closed","ping_status":"closed","template":"template-full-width.blade.php","meta":{"inline_featured_image":false,"footnotes":""},"class_list":["post-480","page","type-page","status-publish","hentry"],"acf":[],"yoast_head":"<!-- This site is optimized with the Yoast SEO plugin v26.2 - https:\/\/yoast.com\/wordpress\/plugins\/seo\/ -->\n<title>Roman Valo - Roman Valo<\/title>\n<meta name=\"robots\" content=\"index, follow, max-snippet:-1, max-image-preview:large, max-video-preview:-1\" \/>\n<link rel=\"canonical\" href=\"https:\/\/romanvalo.sk\/hu\/\" \/>\n<meta property=\"og:locale\" content=\"hu_HU\" \/>\n<meta property=\"og:type\" content=\"article\" \/>\n<meta property=\"og:title\" content=\"Roman Valo - Roman Valo\" \/>\n<meta property=\"og:description\" content=\"Egyet\u00e9rtek a h\u00edrlevelek k\u00fcld\u00e9s\u00e9vel \u00e9s a szem\u00e9lyes adatok e c\u00e9lb\u00f3l t\u00f6rt\u00e9n\u0151 feldolgoz\u00e1s\u00e1val. Tov\u00e1bbi inform\u00e1ci\u00f3k az adatkezel\u00e9sr\u0151l \u00e9s a hozz\u00e1j\u00e1rul\u00e1s visszavon\u00e1s\u00e1r\u00f3l a GDPR ochrana\" \/>\n<meta property=\"og:url\" content=\"https:\/\/romanvalo.sk\/hu\/\" \/>\n<meta property=\"og:site_name\" content=\"Roman Valo\" \/>\n<meta property=\"article:modified_time\" content=\"2026-04-25T06:26:55+00:00\" \/>\n<meta name=\"twitter:card\" content=\"summary_large_image\" \/>\n<meta name=\"twitter:label1\" content=\"Becs\u00fclt olvas\u00e1si id\u0151\" \/>\n\t<meta name=\"twitter:data1\" content=\"1 perc\" \/>\n<script type=\"application\/ld+json\" class=\"yoast-schema-graph\">{\"@context\":\"https:\/\/schema.org\",\"@graph\":[{\"@type\":\"WebPage\",\"@id\":\"https:\/\/romanvalo.sk\/hu\/\",\"url\":\"https:\/\/romanvalo.sk\/hu\/\",\"name\":\"Roman Valo - Roman Valo\",\"isPartOf\":{\"@id\":\"https:\/\/romanvalo.sk\/hu\/#website\"},\"datePublished\":\"2026-02-03T09:43:16+00:00\",\"dateModified\":\"2026-04-25T06:26:55+00:00\",\"breadcrumb\":{\"@id\":\"https:\/\/romanvalo.sk\/hu\/#breadcrumb\"},\"inLanguage\":\"hu\",\"potentialAction\":[{\"@type\":\"ReadAction\",\"target\":[\"https:\/\/romanvalo.sk\/hu\/\"]}]},{\"@type\":\"BreadcrumbList\",\"@id\":\"https:\/\/romanvalo.sk\/hu\/#breadcrumb\",\"itemListElement\":[{\"@type\":\"ListItem\",\"position\":1,\"name\":\"Domovsk\u00e1 str\u00e1nka\",\"item\":\"https:\/\/romanvalo.sk\/hu\/\"},{\"@type\":\"ListItem\",\"position\":2,\"name\":\"Roman Valo\"}]},{\"@type\":\"WebSite\",\"@id\":\"https:\/\/romanvalo.sk\/hu\/#website\",\"url\":\"https:\/\/romanvalo.sk\/hu\/\",\"name\":\"Roman Valo\",\"description\":\"\",\"potentialAction\":[{\"@type\":\"SearchAction\",\"target\":{\"@type\":\"EntryPoint\",\"urlTemplate\":\"https:\/\/romanvalo.sk\/hu\/?s={search_term_string}\"},\"query-input\":{\"@type\":\"PropertyValueSpecification\",\"valueRequired\":true,\"valueName\":\"search_term_string\"}}],\"inLanguage\":\"hu\"}]}<\/script>\n<!-- \/ Yoast SEO plugin. -->","yoast_head_json":{"title":"Roman Valo - Roman Valo","robots":{"index":"index","follow":"follow","max-snippet":"max-snippet:-1","max-image-preview":"max-image-preview:large","max-video-preview":"max-video-preview:-1"},"canonical":"https:\/\/romanvalo.sk\/hu\/","og_locale":"hu_HU","og_type":"article","og_title":"Roman Valo - Roman Valo","og_description":"Egyet\u00e9rtek a h\u00edrlevelek k\u00fcld\u00e9s\u00e9vel \u00e9s a szem\u00e9lyes adatok e c\u00e9lb\u00f3l t\u00f6rt\u00e9n\u0151 feldolgoz\u00e1s\u00e1val. Tov\u00e1bbi inform\u00e1ci\u00f3k az adatkezel\u00e9sr\u0151l \u00e9s a hozz\u00e1j\u00e1rul\u00e1s visszavon\u00e1s\u00e1r\u00f3l a GDPR ochrana","og_url":"https:\/\/romanvalo.sk\/hu\/","og_site_name":"Roman Valo","article_modified_time":"2026-04-25T06:26:55+00:00","twitter_card":"summary_large_image","twitter_misc":{"Becs\u00fclt olvas\u00e1si id\u0151":"1 perc"},"schema":{"@context":"https:\/\/schema.org","@graph":[{"@type":"WebPage","@id":"https:\/\/romanvalo.sk\/hu\/","url":"https:\/\/romanvalo.sk\/hu\/","name":"Roman Valo - Roman Valo","isPartOf":{"@id":"https:\/\/romanvalo.sk\/hu\/#website"},"datePublished":"2026-02-03T09:43:16+00:00","dateModified":"2026-04-25T06:26:55+00:00","breadcrumb":{"@id":"https:\/\/romanvalo.sk\/hu\/#breadcrumb"},"inLanguage":"hu","potentialAction":[{"@type":"ReadAction","target":["https:\/\/romanvalo.sk\/hu\/"]}]},{"@type":"BreadcrumbList","@id":"https:\/\/romanvalo.sk\/hu\/#breadcrumb","itemListElement":[{"@type":"ListItem","position":1,"name":"Domovsk\u00e1 str\u00e1nka","item":"https:\/\/romanvalo.sk\/hu\/"},{"@type":"ListItem","position":2,"name":"Roman Valo"}]},{"@type":"WebSite","@id":"https:\/\/romanvalo.sk\/hu\/#website","url":"https:\/\/romanvalo.sk\/hu\/","name":"Roman Valo","description":"","potentialAction":[{"@type":"SearchAction","target":{"@type":"EntryPoint","urlTemplate":"https:\/\/romanvalo.sk\/hu\/?s={search_term_string}"},"query-input":{"@type":"PropertyValueSpecification","valueRequired":true,"valueName":"search_term_string"}}],"inLanguage":"hu"}]}},"_links":{"self":[{"href":"https:\/\/romanvalo.sk\/hu\/wp-json\/wp\/v2\/pages\/480","targetHints":{"allow":["GET"]}}],"collection":[{"href":"https:\/\/romanvalo.sk\/hu\/wp-json\/wp\/v2\/pages"}],"about":[{"href":"https:\/\/romanvalo.sk\/hu\/wp-json\/wp\/v2\/types\/page"}],"author":[{"embeddable":true,"href":"https:\/\/romanvalo.sk\/hu\/wp-json\/wp\/v2\/users\/8"}],"replies":[{"embeddable":true,"href":"https:\/\/romanvalo.sk\/hu\/wp-json\/wp\/v2\/comments?post=480"}],"version-history":[{"count":3,"href":"https:\/\/romanvalo.sk\/hu\/wp-json\/wp\/v2\/pages\/480\/revisions"}],"predecessor-version":[{"id":528,"href":"https:\/\/romanvalo.sk\/hu\/wp-json\/wp\/v2\/pages\/480\/revisions\/528"}],"wp:attachment":[{"href":"https:\/\/romanvalo.sk\/hu\/wp-json\/wp\/v2\/media?parent=480"}],"curies":[{"name":"wp","href":"https:\/\/api.w.org\/{rel}","templated":true}]}}